{"id":12174,"date":"2024-05-13T18:08:06","date_gmt":"2024-05-13T16:08:06","guid":{"rendered":"https:\/\/ikaivans.com\/?page_id=12174"},"modified":"2024-05-13T18:08:10","modified_gmt":"2024-05-13T16:08:10","slug":"location-de-vans-amenages-au-espagne-pays-basque-et-euskadi","status":"publish","type":"page","link":"https:\/\/ikaivans.com\/fr\/location-de-vans-amenages-au-espagne-pays-basque-et-euskadi\/","title":{"rendered":"Location de vans am\u00e9nag\u00e9s au Espagne, Pays Basque et Euskadi"},"content":{"rendered":"\n<p>Si vous n&rsquo;avez jamais essay\u00e9 le caravaning, vous ne savez pas ce que vous manquez. Nous parlons d&rsquo;un mode de vie qui vous permet de voyager o\u00f9 vous voulez, partout dans le monde, pratiquement sans limites. Les voyages en vans am\u00e9nag\u00e9s de location depuis le Pays Basque deviennent de plus en plus courants car de nombreuses personnes ont d\u00e9couvert dans ce mode de vacances un moyen d&rsquo;\u00e9chapper \u00e0 la routine.<\/p>\n\n\n\n<p>En ce qui nous concerne, nous sommes IKAI VANS, une entreprise de location de vans am\u00e9nag\u00e9s au Pays Basque, avec des clients venant de toute l&rsquo;Espagne. Nous travaillons depuis de nombreuses ann\u00e9es pour rendre la r\u00e9servation d&rsquo;un van am\u00e9nag\u00e9 de location aussi simple que n\u00e9cessaire afin de ne pas perdre de temps. Contactez-nous d\u00e8s maintenant (info@ikaivans.com ou +34 943 09 81 32) et prenez rendez-vous sans engagement pour nous rendre visite dans nos installations situ\u00e9es \u00e0 Andoain (Balastrain, Matxinea 4, pavillon 9, 20140). Nous disposons d&rsquo;une grande vari\u00e9t\u00e9 de vans am\u00e9nag\u00e9s en location pour vous, et en venant en personne, nous vous accompagnerons dans une visite de l&rsquo;exposition.<\/p>\n\n\n\n<p>En ce qui concerne la flotte de vans am\u00e9nag\u00e9s d&rsquo;IKAI VANS, elle est compos\u00e9e de v\u00e9hicules pratiquement neufs, avec tout inclus et de grandes marques. Le meilleur de tout, c&rsquo;est que vous pourrez choisir un van am\u00e9nag\u00e9 qui correspond \u00e0 vos besoins car il existe un grand nombre de configurations disponibles. La s\u00e9curit\u00e9, la facilit\u00e9 de conduite et le confort de son \u00e9quipement sont des \u00e9l\u00e9ments plus que garantis. En bref, choisissez la libert\u00e9, choisissez l&rsquo;excitation, choisissez-nous.<\/p>\n\n\n\n<h2 class=\"wp-block-heading\">Voyager en vans am\u00e9nag\u00e9s de location depuis le Espagne \u00e0 travers le monde<\/h2>\n\n\n\n<p>Les experts d&rsquo;IKAI VANS s&rsquo;adaptent \u00e0 vos besoins, et sur notre site Web, vous pouvez v\u00e9rifier quels mod\u00e8les de vans am\u00e9nag\u00e9s et de locations nous avons disponibles. Ce sont des v\u00e9hicules avec un maximum de 6 places et une capacit\u00e9 pour 1, 2, 3, 4, 5 ou 6 personnes. Vivez avec nous la location de camping-cars la plus compl\u00e8te possible, avec des meubles aux finitions de qualit\u00e9 sup\u00e9rieure. L&rsquo;\u00e9quipement de base d&rsquo;un van am\u00e9nag\u00e9 comprend des chambres (avec un ou plusieurs lits), une cuisine avec des br\u00fbleurs, un r\u00e9frig\u00e9rateur et un plan de travail, un salon et une salle de bains avec douche et toilettes. Cependant, nous avons d&rsquo;autres mod\u00e8les plus complets avec des extras et des accessoires tr\u00e8s int\u00e9ressants.<\/p>\n\n\n\n<p>Profitez avec vos proches, sortez de la routine et vivez chaque lever de soleil dans de v\u00e9ritables maisons sur roues, avec une assurance tous risques incluse et une assistance routi\u00e8re 24\/7. Avec nous, vous disposerez d&rsquo;un service de stationnement, de prise en charge \u00e0 l&rsquo;a\u00e9roport, de Wi-Fi sur demande et d&rsquo;autres fonctionnalit\u00e9s qui font de notre service de location de van am\u00e9nag\u00e9 au Pays basque, une exp\u00e9rience des plus enrichissantes.<\/p>\n\n\n\n<p>De plus, nous avons un service d&rsquo;atelier et un service officiel Dometic, des attelages Aragon, des remorques towcar et Viesa\/Eurocolven, et nous travaillons avec des marques et des fabricants ayant une grande exp\u00e9rience dans le secteur du caravaning : Ilusion Caravaning, Sunlight, Dethleff ou Challenger, entre autres.<\/p>\n\n\n\n<h2 class=\"wp-block-heading\">Louer un van am\u00e9nag\u00e9 au Espagne, Pays Basque au meilleur prix avec IKAI VANS<\/h2>\n\n\n\n<p>D\u00e8s que vous contactez IKAI VANS jusqu&rsquo;\u00e0 ce que vous compl\u00e9tiez le processus de location d&rsquo;un van am\u00e9nag\u00e9, vous serez en contact avec la meilleure \u00e9quipe de service client possible. Nous sommes des experts en caravaning et nous vous garantissons les meilleurs prix pour la location de vans am\u00e9nag\u00e9s au Espagne. Consultez les tarifs sur notre site Web ou venez dans nos installations \u00e0 Andoain pour qu&rsquo;un de nous puisse vous pr\u00e9parer un devis personnalis\u00e9 SANS engagement.<\/p>\n","protected":false},"excerpt":{"rendered":"<p>Si vous n&rsquo;avez jamais essay\u00e9 le caravaning, vous ne savez pas ce que vous manquez. Nous parlons d&rsquo;un mode de vie qui vous permet de voyager o\u00f9 vous voulez, partout dans le monde, pratiquement sans limites. Les voyages en vans am\u00e9nag\u00e9s de location depuis le Pays Basque deviennent de plus en plus courants car de [&hellip;]<\/p>\n","protected":false},"author":7,"featured_media":0,"parent":0,"menu_order":0,"comment_status":"closed","ping_status":"closed","template":"","meta":{"_acf_changed":false,"_joinchat":[],"footnotes":""},"class_list":["post-12174","page","type-page","status-publish","hentry"],"acf":[],"_links":{"self":[{"href":"https:\/\/ikaivans.com\/fr\/wp-json\/wp\/v2\/pages\/12174","targetHints":{"allow":["GET"]}}],"collection":[{"href":"https:\/\/ikaivans.com\/fr\/wp-json\/wp\/v2\/pages"}],"about":[{"href":"https:\/\/ikaivans.com\/fr\/wp-json\/wp\/v2\/types\/page"}],"author":[{"embeddable":true,"href":"https:\/\/ikaivans.com\/fr\/wp-json\/wp\/v2\/users\/7"}],"replies":[{"embeddable":true,"href":"https:\/\/ikaivans.com\/fr\/wp-json\/wp\/v2\/comments?post=12174"}],"version-history":[{"count":1,"href":"https:\/\/ikaivans.com\/fr\/wp-json\/wp\/v2\/pages\/12174\/revisions"}],"predecessor-version":[{"id":12175,"href":"https:\/\/ikaivans.com\/fr\/wp-json\/wp\/v2\/pages\/12174\/revisions\/12175"}],"wp:attachment":[{"href":"https:\/\/ikaivans.com\/fr\/wp-json\/wp\/v2\/media?parent=12174"}],"curies":[{"name":"wp","href":"https:\/\/api.w.org\/{rel}","templated":true}]}}